{"id":5709,"date":"2023-01-26T09:50:21","date_gmt":"2023-01-26T08:50:21","guid":{"rendered":"https:\/\/www.veloacciai.com\/privacy-policy\/"},"modified":"2024-04-30T15:32:19","modified_gmt":"2024-04-30T13:32:19","slug":"privacy-policy","status":"publish","type":"page","link":"https:\/\/www.veloacciai.com\/fr\/privacy-policy\/","title":{"rendered":"Privacy Policy"},"content":{"rendered":"<p><strong>INFORMATIVA AI SENSI DELL\u2019ART. 13\u00a0<\/strong><br \/>\n<strong>DEL REGOLAMENTO UE N. 2016\/679 (GDPR)<\/strong><\/p>\n<p>Ai sensi dell\u2019art. 13 del regolamento UE n. 2016\/679 (di seguito \u201cGDPR\u201d), Velo Acciai S.r.l. (di seguito \u201cVelo\u201d o \u201cTitolare\u201d) Vi informa che i dati personali relativi alla Vostra azienda (di seguito &#8220;l&#8217;Interessato\u201d) e le persone fisiche che agiscono per suo conto (di seguito \u201cDati\u201d), raccolti presso l\u2019Interessato o terzi, saranno trattati in conformit\u00e0 con le disposizioni del GDPR e in conformit\u00e0 con la presente informativa.<br \/>\nRimane inteso che \u00e8 responsabilit\u00e0 dell\u2019Interessato informare le persone fisiche che agiscono per suo conto del trattamento dei Dati di cui alla presente informativa e di richiedere il loro consenso, ove necessario.<\/p>\n<p><strong>Titolare del trattamento. Responsabile del trattamento.<\/strong><br \/>\nTitolare del trattamento \u00e8 Velo Acciai S.r.l. con sede legale in San Zenone degli Ezzelini (TV), Via San Lorenzo, n. 42 (email <a href=\"mailto:info@veloacciai.com\">info@veloacciai.com<\/a>). Il nominativo del responsabile del trattamento o la lista dei responsabili del trattamento \u00e8 disponibile presso la sede del Titolare.<\/p>\n<p><strong>Scopo e base legale del trattamento. Interessi legittimi perseguiti.<\/strong><br \/>\nI dati saranno elaborati:<\/p>\n<ol>\n<li>ai fini del rispetto degli obblighi legali incombenti sul Titolare;<\/li>\n<li>per l\u2019esecuzione di contratti di cui l\u2019interessato \u00e8 parte o per l\u2019adozione di misure precontrattuali adottate su richiesta dell\u2019Interessato medesimo;<\/li>\n<li>per l\u2019accertamento, l\u2019esercizio o la difesa di crediti, diritti o pretese legali;<\/li>\n<li>per inviare comunicazioni commerciali su prodotti e servizi simili a quelli gi\u00e0 acquistati, fatto salvo il diritto dell\u2019Interessato di opporsi in qualsiasi momento.<\/li>\n<\/ol>\n<p>Il trattamento dei Dati per le finalit\u00e0 di cui al punto a) non richiede il consenso dell\u2019Interessato in quanto necessario per adempiere agli obblighi di legge a cui \u00e8 soggetto il Titolare, e ci\u00f2 ai sensi dell\u2019art. 6, par. 1 lettera c) del GDPR.<br \/>\nIl trattamento dei Dati per le finalit\u00e0 di cui alla lettera b) non richiede il consenso dell\u2019Interessato in quanto necessario per l\u2019esecuzione dei contratti di cui l\u2019Interessato medesimo \u00e8 parte o per l\u2019adozione di misure precontrattuali adottate su sua richiesta, e ci\u00f2 ai sensi dell\u2019art. 6, par. 1, lettera b) del GDPR.<br \/>\nIl trattamento dei Dati per le finalit\u00e0 di cui ai punti c) e d) non richiede il consenso dell\u2019Interessato in quanto necessario per il perseguimento di interessi legittimi del Titolare, e ci\u00f2 ai sensi dell\u2019art. 6, par. 1, lettera f) del GDPR.<\/p>\n<p><strong>Conferimento di dati e conseguenze in caso di mancato conferimento.<\/strong><br \/>\nIl conferimento dei dati per le finalit\u00e0 di cui ai punti a) e b) \u00e8 facoltativo, ma necessario per adempiere ad obblighi legali e contrattuali. Il conferimento dei dati per le finalit\u00e0 di cui ai punti c) e d) \u00e8 facoltativo ma necessario per il perseguimento dei legittimi interessi del Titolare. In tutti questi casi, il mancato conferimento dei Dati render\u00e0 impossibile al Titolare stabilire e gestire la relazione contrattuale con l\u2019Interessato e svolgere le attivit\u00e0 connesse.<\/p>\n<p><strong>Destinatari o categorie di destinatari.<\/strong><br \/>\nI dati possono essere resi accessibili, portati all\u2019attenzione o comunicati ai seguenti soggetti, che saranno nominati dal Titolare, a seconda dei casi, in qualit\u00e0 di responsabili del trattamento o incaricati dello stesso:<\/p>\n<ul>\n<li>societ\u00e0 del gruppo di appartenenza del Titolare (societ\u00e0 controllate, controllanti, affiliate), dipendenti e\/o collaboratori a qualsiasi titolo del Titolare e\/o delle societ\u00e0 del gruppo a cui appartiene il Titolare;<\/li>\n<li>soggetti privati, persone fisiche o giuridiche, incaricati dal Titolare del trattamento per svolgere le attivit\u00e0 strumentali al raggiungimento degli scopi sopra indicati o ai quali il Titolare del trattamento debba comunicare i Dati, in base a obblighi legali o contrattuali.<\/li>\n<\/ul>\n<p>In ogni caso, i Dati non saranno oggetto di diffusione.<\/p>\n<p><strong>Periodo di conservazione dei dati.<\/strong><br \/>\nIl titolare conserva i dati per il solo tempo necessario a soddisfare le finalit\u00e0 del trattamento e al fine di adempiere a prescrizioni di carattere normativo e tributario.<br \/>\nPer determinare il periodo di conservazione appropriato dei dati personali, il Titolare considera la quantit\u00e0, la natura e sensibilit\u00e0 dei dati medesimi, nonch\u00e9 il potenziale rischio di danni derivanti dall\u2019uso o dalla divulgazione non autorizzati degli stessi.<br \/>\nPer legge, il Titolare \u00e8 tenuto a mantenere le informazioni di base sui propri clienti (inclusi contatto, identit\u00e0, dati fiscali e relativi alle transazioni) per dieci anni dopo la cessazione del rapporto.<\/p>\n<p><strong>Diritti di accesso, rettifica, cancellazione, limitazione e portabilit\u00e0.<\/strong><br \/>\nAll\u2019Interessato sono garantiti ai diritti di cui agli articoli da 15 a 20 del GDPR.<br \/>\nA titolo di esempio, qualsiasi soggetto pu\u00f2:<\/p>\n<ol>\n<li>ottenere la conferma dell\u2019esistenza o meno di dati personali che lo riguardano;<\/li>\n<li>se il trattamento \u00e8 in corso, ottenere l\u2019accesso ai dati personali e alle informazioni relative al trattamento e richiedere una copia dei dati personali;<\/li>\n<li>chiedere la rettifica di dati personali inesatti o l\u2019integrazione di dati personali incompleti;<\/li>\n<li>ottenere, ove sia soddisfatta una delle condizioni di cui all\u2019articolo 17 del GDPR, la cancellazione di dati personali che lo riguardano;<\/li>\n<li>ottenere, nei casi previsti dall\u2019articolo 18 del GDPR, la limitazione del trattamento;<\/li>\n<li>ricevere i propri dati personali in un formato strutturato comunemente utilizzato e leggibile da elaboratori informatici, nonch\u00e9 richiedere la loro trasmissione ad un altro titolare se tecnicamente realizzabile.<\/li>\n<\/ol>\n<p><strong>Diritto di opposizione.<\/strong><br \/>\nOgni interessato ha il diritto di opporsi in qualsiasi momento al trattamento dei propri dati personali effettuato al fine di perseguire un legittimo interesse del Titolare.<br \/>\nIn caso di opposizione, tali dati personali non verranno pi\u00f9 elaborati, salvo che sussistano motivi legittimi per eseguire il trattamento che prevalgano sugli interessi, i diritti e le libert\u00e0 dell\u2019interessato o per accertare, esercitare o difendere un diritto in sede giurisdizionale.<br \/>\nOgni Interessato ha il diritto di opporsi al trattamento dei propri dati personali per scopi di marketing diretto.<\/p>\n<p><strong>Diritto di revocare il consenso.<\/strong><br \/>\nNel caso in cui la base giuridica per il trattamento dei dati personali sia il consenso, ogni interessato pu\u00f2, in qualsiasi momento, revocare il consenso gi\u00e0 dato, fatta salva la liceit\u00e0 del trattamento effettuato in base al consenso manifestato prima della revoca.<\/p>\n<p><strong>Diritto di presentare reclamo all\u2019Autorit\u00e0 per la protezione dei dati.<\/strong><br \/>\nQualsiasi interessato pu\u00f2 presentare un reclamo all\u2019Autorit\u00e0 per la protezione dei dati nel caso in cui crede che i suoi diritti ai sensi del GDPR siano stati violati, in conformit\u00e0 con le procedure indicate sul sito web dell\u2019Autorit\u00e0 per la protezione dei dati, accessibile al seguente indirizzo: <a href=\"http:\/\/www.garanteprivacy.it\">www.garanteprivacy.it<\/a>.<\/p>\n","protected":false},"excerpt":{"rendered":"<p>INFORMATIVA AI SENSI DELL\u2019ART. 13\u00a0 DEL REGOLAMENTO UE N. 2016\/679 (GDPR) Ai sensi dell\u2019art. 13 del regolamento UE n. 2016\/679 (di seguito \u201cGDPR\u201d), Velo Acciai S.r.l. (di seguito \u201cVelo\u201d o \u201cTitolare\u201d) Vi informa che i dati personali relativi alla Vostra azienda (di seguito &#8220;l&#8217;Interessato\u201d) e le persone fisiche che agiscono per suo conto (di seguito [&hellip;]<\/p>\n","protected":false},"author":1,"featured_media":0,"parent":0,"menu_order":999,"comment_status":"closed","ping_status":"closed","template":"","meta":[],"acf":[],"yoast_head":"<!-- This site is optimized with the Yoast SEO plugin v20.13 - https:\/\/yoast.com\/wordpress\/plugins\/seo\/ -->\n<title>Privacy Policy | VLS Components<\/title>\n<meta name=\"robots\" content=\"index, follow, max-snippet:-1, max-image-preview:large, max-video-preview:-1\" \/>\n<link rel=\"canonical\" href=\"https:\/\/www.veloacciai.com\/fr\/privacy-policy\/\" \/>\n<meta property=\"og:locale\" content=\"fr_FR\" \/>\n<meta property=\"og:type\" content=\"article\" \/>\n<meta property=\"og:title\" content=\"Privacy Policy | VLS Components\" \/>\n<meta property=\"og:description\" content=\"INFORMATIVA AI SENSI DELL\u2019ART. 13\u00a0 DEL REGOLAMENTO UE N. 2016\/679 (GDPR) Ai sensi dell\u2019art. 13 del regolamento UE n. 2016\/679 (di seguito \u201cGDPR\u201d), Velo Acciai S.r.l. (di seguito \u201cVelo\u201d o \u201cTitolare\u201d) Vi informa che i dati personali relativi alla Vostra azienda (di seguito &#8220;l&#8217;Interessato\u201d) e le persone fisiche che agiscono per suo conto (di seguito [&hellip;]\" \/>\n<meta property=\"og:url\" content=\"https:\/\/www.veloacciai.com\/fr\/privacy-policy\/\" \/>\n<meta property=\"og:site_name\" content=\"VLS Components\" \/>\n<meta property=\"article:modified_time\" content=\"2024-04-30T13:32:19+00:00\" \/>\n<meta name=\"twitter:card\" content=\"summary_large_image\" \/>\n<meta name=\"twitter:label1\" content=\"Est. reading time\" \/>\n\t<meta name=\"twitter:data1\" content=\"6 minutes\" \/>\n<script type=\"application\/ld+json\" class=\"yoast-schema-graph\">{\"@context\":\"https:\/\/schema.org\",\"@graph\":[{\"@type\":\"WebPage\",\"@id\":\"https:\/\/www.veloacciai.com\/fr\/privacy-policy\/\",\"url\":\"https:\/\/www.veloacciai.com\/fr\/privacy-policy\/\",\"name\":\"Privacy Policy | VLS Components\",\"isPartOf\":{\"@id\":\"https:\/\/www.veloacciai.com\/#website\"},\"datePublished\":\"2023-01-26T08:50:21+00:00\",\"dateModified\":\"2024-04-30T13:32:19+00:00\",\"breadcrumb\":{\"@id\":\"https:\/\/www.veloacciai.com\/fr\/privacy-policy\/#breadcrumb\"},\"inLanguage\":\"fr-FR\",\"potentialAction\":[{\"@type\":\"ReadAction\",\"target\":[\"https:\/\/www.veloacciai.com\/fr\/privacy-policy\/\"]}]},{\"@type\":\"BreadcrumbList\",\"@id\":\"https:\/\/www.veloacciai.com\/fr\/privacy-policy\/#breadcrumb\",\"itemListElement\":[{\"@type\":\"ListItem\",\"position\":1,\"name\":\"Home\",\"item\":\"https:\/\/www.veloacciai.com\/fr\/\"},{\"@type\":\"ListItem\",\"position\":2,\"name\":\"Privacy Policy\"}]},{\"@type\":\"WebSite\",\"@id\":\"https:\/\/www.veloacciai.com\/#website\",\"url\":\"https:\/\/www.veloacciai.com\/\",\"name\":\"VLS Components\",\"description\":\"Filtration et traitement des liquides alimentaires\",\"publisher\":{\"@id\":\"https:\/\/www.veloacciai.com\/#organization\"},\"inLanguage\":\"fr-FR\"},{\"@type\":\"Organization\",\"@id\":\"https:\/\/www.veloacciai.com\/#organization\",\"name\":\"VLS Components\",\"url\":\"https:\/\/www.veloacciai.com\/\",\"logo\":{\"@type\":\"ImageObject\",\"inLanguage\":\"fr-FR\",\"@id\":\"https:\/\/www.veloacciai.com\/#\/schema\/logo\/image\/\",\"url\":\"https:\/\/www.veloacciai.com\/wp-content\/uploads\/2024\/02\/VLS-Components.png\",\"contentUrl\":\"https:\/\/www.veloacciai.com\/wp-content\/uploads\/2024\/02\/VLS-Components.png\",\"width\":1376,\"height\":595,\"caption\":\"VLS Components\"},\"image\":{\"@id\":\"https:\/\/www.veloacciai.com\/#\/schema\/logo\/image\/\"}}]}<\/script>\n<!-- \/ Yoast SEO plugin. -->","yoast_head_json":{"title":"Privacy Policy | VLS Components","robots":{"index":"index","follow":"follow","max-snippet":"max-snippet:-1","max-image-preview":"max-image-preview:large","max-video-preview":"max-video-preview:-1"},"canonical":"https:\/\/www.veloacciai.com\/fr\/privacy-policy\/","og_locale":"fr_FR","og_type":"article","og_title":"Privacy Policy | VLS Components","og_description":"INFORMATIVA AI SENSI DELL\u2019ART. 13\u00a0 DEL REGOLAMENTO UE N. 2016\/679 (GDPR) Ai sensi dell\u2019art. 13 del regolamento UE n. 2016\/679 (di seguito \u201cGDPR\u201d), Velo Acciai S.r.l. (di seguito \u201cVelo\u201d o \u201cTitolare\u201d) Vi informa che i dati personali relativi alla Vostra azienda (di seguito &#8220;l&#8217;Interessato\u201d) e le persone fisiche che agiscono per suo conto (di seguito [&hellip;]","og_url":"https:\/\/www.veloacciai.com\/fr\/privacy-policy\/","og_site_name":"VLS Components","article_modified_time":"2024-04-30T13:32:19+00:00","twitter_card":"summary_large_image","twitter_misc":{"Est. reading time":"6 minutes"},"schema":{"@context":"https:\/\/schema.org","@graph":[{"@type":"WebPage","@id":"https:\/\/www.veloacciai.com\/fr\/privacy-policy\/","url":"https:\/\/www.veloacciai.com\/fr\/privacy-policy\/","name":"Privacy Policy | VLS Components","isPartOf":{"@id":"https:\/\/www.veloacciai.com\/#website"},"datePublished":"2023-01-26T08:50:21+00:00","dateModified":"2024-04-30T13:32:19+00:00","breadcrumb":{"@id":"https:\/\/www.veloacciai.com\/fr\/privacy-policy\/#breadcrumb"},"inLanguage":"fr-FR","potentialAction":[{"@type":"ReadAction","target":["https:\/\/www.veloacciai.com\/fr\/privacy-policy\/"]}]},{"@type":"BreadcrumbList","@id":"https:\/\/www.veloacciai.com\/fr\/privacy-policy\/#breadcrumb","itemListElement":[{"@type":"ListItem","position":1,"name":"Home","item":"https:\/\/www.veloacciai.com\/fr\/"},{"@type":"ListItem","position":2,"name":"Privacy Policy"}]},{"@type":"WebSite","@id":"https:\/\/www.veloacciai.com\/#website","url":"https:\/\/www.veloacciai.com\/","name":"VLS Components","description":"Filtration et traitement des liquides alimentaires","publisher":{"@id":"https:\/\/www.veloacciai.com\/#organization"},"inLanguage":"fr-FR"},{"@type":"Organization","@id":"https:\/\/www.veloacciai.com\/#organization","name":"VLS Components","url":"https:\/\/www.veloacciai.com\/","logo":{"@type":"ImageObject","inLanguage":"fr-FR","@id":"https:\/\/www.veloacciai.com\/#\/schema\/logo\/image\/","url":"https:\/\/www.veloacciai.com\/wp-content\/uploads\/2024\/02\/VLS-Components.png","contentUrl":"https:\/\/www.veloacciai.com\/wp-content\/uploads\/2024\/02\/VLS-Components.png","width":1376,"height":595,"caption":"VLS Components"},"image":{"@id":"https:\/\/www.veloacciai.com\/#\/schema\/logo\/image\/"}}]}},"_links":{"self":[{"href":"https:\/\/www.veloacciai.com\/fr\/wp-json\/wp\/v2\/pages\/5709"}],"collection":[{"href":"https:\/\/www.veloacciai.com\/fr\/wp-json\/wp\/v2\/pages"}],"about":[{"href":"https:\/\/www.veloacciai.com\/fr\/wp-json\/wp\/v2\/types\/page"}],"author":[{"embeddable":true,"href":"https:\/\/www.veloacciai.com\/fr\/wp-json\/wp\/v2\/users\/1"}],"replies":[{"embeddable":true,"href":"https:\/\/www.veloacciai.com\/fr\/wp-json\/wp\/v2\/comments?post=5709"}],"version-history":[{"count":1,"href":"https:\/\/www.veloacciai.com\/fr\/wp-json\/wp\/v2\/pages\/5709\/revisions"}],"predecessor-version":[{"id":5710,"href":"https:\/\/www.veloacciai.com\/fr\/wp-json\/wp\/v2\/pages\/5709\/revisions\/5710"}],"wp:attachment":[{"href":"https:\/\/www.veloacciai.com\/fr\/wp-json\/wp\/v2\/media?parent=5709"}],"curies":[{"name":"wp","href":"https:\/\/api.w.org\/{rel}","templated":true}]}}